{"version":"1.0","provider_name":"K\u00e1v\u00e9zol velem?","provider_url":"https:\/\/kavezolvelem.cafeblog.hu","author_name":"Benk\u0151 Andrea","author_url":"https:\/\/kavezolvelem.cafeblog.hu\/author\/tamasi-b-andreagmail-com\/","title":"Eszpressz\u00f3","html":"<p><strong>Mi is az eszpressz\u00f3?<\/strong><\/p>\r\n<p>Egy er\u0151s, s\u00f6t\u00e9t, koncentr\u00e1lt k\u00e1v\u00e9, amely eredetileg Olaszorsz\u00e1gb\u00f3l sz\u00e1rmazik. Neve gyors, egyadagos elk\u00e9sz\u00edt\u00e9si m\u00f3dj\u00e1ra utal. Egy j\u00f3l elk\u00e9sz\u00edtett eszpressz\u00f3 \u00e1ltal\u00e1ban gazdag text\u00far\u00e1j\u00fa, er\u0151s, keser\u00e9des \u00edz\u0171, tetej\u00e9n aranybarna habbal. A legt\u00f6bb k\u00e1v\u00e9italnak eszpressz\u00f3 az alapja.<\/p>\r\n<p>....\u00e9letem els\u0151 k\u00e1v\u00e9ja is eszpressz\u00f3 volt.\u00a0<\/p>\r\n<p style=\"text-align: center\"><a href=\"https:\/\/kavezolvelem.cafeblog.hu\/files\/2015\/09\/IMG_20150904_064953.jpg\"><img class=\"alignnone size-medium wp-image-81\" src=\"https:\/\/kavezolvelem.cafeblog.hu\/files\/2015\/09\/IMG_20150904_064953-300x300.jpg\" alt=\"IMG_20150904_064953\" width=\"300\" height=\"300\" \/><\/a><\/p>\r\n<p>&nbsp;<\/p>\r\n<p>&nbsp;<\/p>","type":"rich"}